{"id":4512,"date":"2025-03-20T17:34:48","date_gmt":"2025-03-20T16:34:48","guid":{"rendered":"https:\/\/doktor-reiter.com\/?page_id=4512"},"modified":"2025-03-21T08:28:16","modified_gmt":"2025-03-21T07:28:16","slug":"kosmetik","status":"publish","type":"page","link":"https:\/\/doktor-reiter.com\/en\/kosmetik","title":{"rendered":"Kosmetik"},"content":{"rendered":"[et_pb_section fb_built=&#8220;1&#8243; admin_label=&#8220;Header&#8220; _builder_version=&#8220;4.23.1&#8243; _module_preset=&#8220;default&#8220; background_image=&#8220;http:\/\/doktor-reiter.com\/wp-content\/uploads\/2020\/12\/massage-17-1.jpg&#8220; custom_padding=&#8220;||0px|||&#8220; locked=&#8220;off&#8220; global_colors_info=&#8220;{}&#8220;][et_pb_row column_structure=&#8220;3_5,2_5&#8243; _builder_version=&#8220;4.16&#8243; _module_preset=&#8220;default&#8220; custom_padding=&#8220;||0px||false|false&#8220; global_colors_info=&#8220;{}&#8220;][et_pb_column type=&#8220;3_5&#8243; _builder_version=&#8220;4.16&#8243; _module_preset=&#8220;default&#8220; custom_padding=&#8220;||30px||false|false&#8220; global_colors_info=&#8220;{}&#8220;][et_pb_text _builder_version=&#8220;4.23.1&#8243; _module_preset=&#8220;default&#8220; header_font=&#8220;Abel||||||||&#8220; header_font_size=&#8220;55px&#8220; header_letter_spacing=&#8220;7px&#8220; header_line_height=&#8220;1.1em&#8220; text_font_tablet=&#8220;&#8220; text_font_phone=&#8220;Abel||||||||&#8220; text_font_last_edited=&#8220;on|phone&#8220; text_font_size_tablet=&#8220;&#8220; text_font_size_phone=&#8220;&#8220; text_font_size_last_edited=&#8220;on|phone&#8220; header_font_tablet=&#8220;Muli|600|||||||&#8220; header_font_phone=&#8220;Abel|600|||||||&#8220; header_font_last_edited=&#8220;on|desktop&#8220; header_font_size_tablet=&#8220;44px&#8220; header_font_size_phone=&#8220;34px&#8220; header_font_size_last_edited=&#8220;on|phone&#8220; header_letter_spacing_tablet=&#8220;2px&#8220; header_letter_spacing_phone=&#8220;5px&#8220; header_letter_spacing_last_edited=&#8220;on|desktop&#8220; header_text_shadow_style=&#8220;preset3&#8243; header_text_shadow_color=&#8220;#ffffff&#8220; locked=&#8220;off&#8220; global_colors_info=&#8220;{}&#8220;]<h1>Kosmetik<\/h1>[\/et_pb_text][et_pb_text _builder_version=&#8220;4.23.1&#8243; _module_preset=&#8220;default&#8220; text_font=&#8220;Abel||||||||&#8220; text_font_size=&#8220;18px&#8220; text_line_height=&#8220;1.8em&#8220; max_width=&#8220;500px&#8220; custom_margin=&#8220;-20px|||||&#8220; text_font_size_tablet=&#8220;&#8220; text_font_size_phone=&#8220;14px&#8220; text_font_size_last_edited=&#8220;on|desktop&#8220; text_line_height_tablet=&#8220;&#8220; text_line_height_phone=&#8220;1.6em&#8220; text_line_height_last_edited=&#8220;on|desktop&#8220; locked=&#8220;off&#8220; global_colors_info=&#8220;{}&#8220;]<p class=\"p1\">\u2018Be good to your skin you will wear it every day for the rest of your life\u2019\n\nEbenm\u00e4\u00dfige Haut transportiert f\u00fcr unser Gegen\u00fcber die Wahrnehmung von Attraktivit\u00e4t, Jugendlichkeit und Selbstbewusstsein. Sie ist gleichzeitig unsere Verbindung und Barriere zur Umwelt und braucht f\u00fcr diese gro\u00dfe Aufgabe Pflege und Zuwendung. Mit der richtigen Beratung um passende Wirkstoffe und Behandlungen zu w\u00e4hlen, kann die Haut f\u00fcr ihre t\u00e4glichen Aufgaben unterst\u00fctzt werden.<\/p>[\/et_pb_text][et_pb_button button_url=&#8220;https:\/\/patient.latido.at\/booking\/select;profileid=64400448d2bba4b395070176;coredataid=6789396cd2c40288ce5078a9&#8243; button_text=&#8220;Online-Termin&#8220; _builder_version=&#8220;4.23.1&#8243; _module_preset=&#8220;default&#8220; custom_button=&#8220;on&#8220; button_text_size=&#8220;15px&#8220; button_text_color=&#8220;#afafaf&#8220; button_bg_color=&#8220;rgba(0,0,0,0)&#8220; button_bg_color_gradient_direction=&#8220;160deg&#8220; button_border_width=&#8220;1px&#8220; button_border_color=&#8220;#ffd4a3&#8243; button_border_radius=&#8220;28px&#8220; button_letter_spacing=&#8220;2px&#8220; button_font=&#8220;Abel|700||on|||||&#8220; button_use_icon=&#8220;off&#8220; custom_padding=&#8220;14px|24px|14px|24px|true|true&#8220; box_shadow_vertical_last_edited=&#8220;off|desktop&#8220; locked=&#8220;off&#8220; global_colors_info=&#8220;{}&#8220; box_shadow_color__hover=&#8220;#2585b2&#8243; box_shadow_blur__hover_enabled=&#8220;on&#8220; box_shadow_blur__hover=&#8220;40px&#8220; box_shadow_vertical__hover_enabled=&#8220;on&#8220; box_shadow_vertical__hover=&#8220;20px&#8220; button_border_color__hover_enabled=&#8220;on|desktop&#8220; button_bg_color__hover_enabled=&#8220;on|hover&#8220; button_bg_color__hover=&#8220;#fffbf5&#8243; button_bg_enable_color__hover=&#8220;on&#8220; button_border_color__hover=&#8220;#ffd4a3&#8243;][\/et_pb_button][et_pb_button button_url=&#8220;@ET-DC@eyJkeW5hbWljIjp0cnVlLCJjb250ZW50IjoicG9zdF9saW5rX3VybF9wYWdlIiwic2V0dGluZ3MiOnsicG9zdF9pZCI6IjQ1MjYifX0=@&#8220; button_text=&#8220;Cintia Szamosi&#8220; _builder_version=&#8220;4.27.4&#8243; _dynamic_attributes=&#8220;button_url&#8220; _module_preset=&#8220;default&#8220; custom_button=&#8220;on&#8220; button_text_size=&#8220;15px&#8220; button_text_color=&#8220;#afafaf&#8220; button_bg_color=&#8220;rgba(0,0,0,0)&#8220; button_bg_color_gradient_direction=&#8220;160deg&#8220; button_border_width=&#8220;1px&#8220; button_border_color=&#8220;#ffd4a3&#8243; button_border_radius=&#8220;28px&#8220; button_letter_spacing=&#8220;2px&#8220; button_font=&#8220;Abel|700||on|||||&#8220; button_use_icon=&#8220;off&#8220; custom_padding=&#8220;14px|24px|14px|24px|true|true&#8220; hover_enabled=&#8220;0&#8243; box_shadow_vertical_last_edited=&#8220;off|desktop&#8220; locked=&#8220;off&#8220; global_colors_info=&#8220;{}&#8220; box_shadow_color__hover=&#8220;#2585b2&#8243; box_shadow_blur__hover_enabled=&#8220;on&#8220; box_shadow_blur__hover=&#8220;40px&#8220; box_shadow_vertical__hover_enabled=&#8220;on&#8220; box_shadow_vertical__hover=&#8220;20px&#8220; button_border_color__hover_enabled=&#8220;on|desktop&#8220; button_bg_color__hover_enabled=&#8220;on|hover&#8220; button_bg_color__hover=&#8220;#fffbf5&#8243; button_bg_enable_color__hover=&#8220;on&#8220; button_border_color__hover=&#8220;#ffd4a3&#8243; sticky_enabled=&#8220;0&#8243;][\/et_pb_button][\/et_pb_column][et_pb_column type=&#8220;2_5&#8243; _builder_version=&#8220;4.16&#8243; _module_preset=&#8220;default&#8220; global_colors_info=&#8220;{}&#8220;][et_pb_image src=&#8220;http:\/\/doktor-reiter.com\/wp-content\/uploads\/2020\/12\/calligraphy_74.png&#8220; title_text=&#8220;cosmetics-6051633_1280&#8243; _builder_version=&#8220;4.23.1&#8243; _module_preset=&#8220;default&#8220; background_image=&#8220;http:\/\/doktor-reiter.com\/wp-content\/uploads\/2025\/03\/cosmetics-6051633_1280.jpg&#8220; max_width_tablet=&#8220;200px&#8220; max_width_phone=&#8220;&#8220; max_width_last_edited=&#8220;on|desktop&#8220; custom_margin=&#8220;-5vw|-1vw||-5vw|false|false&#8220; custom_margin_tablet=&#8220;0vw|||0vw|false|false&#8220; custom_margin_phone=&#8220;&#8220; custom_margin_last_edited=&#8220;on|desktop&#8220; global_colors_info=&#8220;{}&#8220;][\/et_pb_image][et_pb_image src=&#8220;http:\/\/doktor-reiter.com\/wp-content\/uploads\/2020\/12\/massage-08.png&#8220; _builder_version=&#8220;4.16&#8243; _module_preset=&#8220;default&#8220; max_width=&#8220;360px&#8220; max_width_tablet=&#8220;160px&#8220; max_width_phone=&#8220;&#8220; max_width_last_edited=&#8220;on|desktop&#8220; custom_margin=&#8220;-282px|||-10vw|false|false&#8220; custom_margin_tablet=&#8220;-100px||||false|false&#8220; custom_margin_phone=&#8220;&#8220; custom_margin_last_edited=&#8220;on|phone&#8220; locked=&#8220;off&#8220; global_colors_info=&#8220;{}&#8220;][\/et_pb_image][\/et_pb_column][\/et_pb_row][\/et_pb_section][et_pb_section fb_built=&#8220;1&#8243; specialty=&#8220;on&#8220; disabled_on=&#8220;on|on|on&#8220; admin_label=&#8220;Services&#8220; _builder_version=&#8220;4.22.2&#8243; _module_preset=&#8220;default&#8220; background_image=&#8220;http:\/\/doktor-reiter.com\/wp-content\/uploads\/2020\/12\/massage-17-1.jpg&#8220; custom_padding=&#8220;2px|||||&#8220; disabled=&#8220;on&#8220; global_colors_info=&#8220;{}&#8220;][et_pb_column type=&#8220;1_3&#8243; _builder_version=&#8220;4.16&#8243; _module_preset=&#8220;default&#8220; custom_padding=&#8220;|||&#8220; global_colors_info=&#8220;{}&#8220; custom_padding__hover=&#8220;|||&#8220;][et_pb_image src=&#8220;http:\/\/doktor-reiter.com\/wp-content\/uploads\/2025\/03\/beauty-face-young-beautiful-woman-isolated-white-995&#215;1024-1.jpg&#8220; title_text=&#8220;doktor-reiter-image-55l&#8220; _builder_version=&#8220;4.21.0&#8243; _module_preset=&#8220;default&#8220; max_width_tablet=&#8220;400px&#8220; max_width_phone=&#8220;&#8220; max_width_last_edited=&#8220;on|desktop&#8220; custom_margin=&#8220;-177px|-170px||-5vw|false|false&#8220; custom_margin_tablet=&#8220;0px|0px||0vw|false|false&#8220; custom_margin_phone=&#8220;&#8220; custom_margin_last_edited=&#8220;on|desktop&#8220; global_colors_info=&#8220;{}&#8220;][\/et_pb_image][\/et_pb_column][et_pb_column type=&#8220;2_3&#8243; specialty_columns=&#8220;2&#8243; _builder_version=&#8220;4.16&#8243; _module_preset=&#8220;default&#8220; custom_padding=&#8220;|||&#8220; global_colors_info=&#8220;{}&#8220; custom_padding__hover=&#8220;|||&#8220;][et_pb_row_inner _builder_version=&#8220;4.16&#8243; _module_preset=&#8220;default&#8220; background_color=&#8220;#ffffff&#8220; custom_padding=&#8220;14px|40px|6px|40px|false|true&#8220; border_radii=&#8220;off||180px||&#8220; box_shadow_style=&#8220;preset1&#8243; box_shadow_vertical=&#8220;70px&#8220; box_shadow_blur=&#8220;80px&#8220; box_shadow_color=&#8220;rgba(12,2,2,0.1)&#8220; global_colors_info=&#8220;{}&#8220;][et_pb_column_inner saved_specialty_column_type=&#8220;2_3&#8243; _builder_version=&#8220;3.26.5&#8243; _module_preset=&#8220;default&#8220; global_colors_info=&#8220;{}&#8220;][et_pb_text _builder_version=&#8220;4.16&#8243; _module_preset=&#8220;default&#8220; header_font=&#8220;|600|||||||&#8220; header_2_font=&#8220;Abel||||||||&#8220; header_2_font_size=&#8220;70px&#8220; header_2_letter_spacing=&#8220;3px&#8220; header_2_line_height=&#8220;1.2em&#8220; header_4_font=&#8220;Poiret One|700|||||||&#8220; header_4_font_size=&#8220;45px&#8220; text_orientation=&#8220;center&#8220; max_width=&#8220;800px&#8220; header_2_font_size_tablet=&#8220;38px&#8220; header_2_font_size_phone=&#8220;26px&#8220; header_2_font_size_last_edited=&#8220;on|tablet&#8220; header_2_letter_spacing_tablet=&#8220;1px&#8220; header_2_letter_spacing_phone=&#8220;0px&#8220; header_2_letter_spacing_last_edited=&#8220;on|desktop&#8220; text_text_align=&#8220;center&#8220; locked=&#8220;off&#8220; global_colors_info=&#8220;{}&#8220;]<h4>Services<\/h4>[\/et_pb_text][\/et_pb_column_inner][\/et_pb_row_inner][et_pb_row_inner column_structure=&#8220;1_2,1_2&#8243; use_custom_gutter=&#8220;on&#8220; _builder_version=&#8220;4.16&#8243; _module_preset=&#8220;default&#8220; background_color=&#8220;#ffffff&#8220; module_alignment=&#8220;center&#8220; custom_margin=&#8220;-3px|||||&#8220; custom_padding=&#8220;4px|40px||40px|false|true&#8220; box_shadow_style=&#8220;preset1&#8243; box_shadow_vertical=&#8220;70px&#8220; box_shadow_blur=&#8220;80px&#8220; box_shadow_color=&#8220;rgba(12,2,2,0.1)&#8220; locked=&#8220;off&#8220; global_colors_info=&#8220;{}&#8220;][et_pb_column_inner type=&#8220;1_2&#8243; saved_specialty_column_type=&#8220;2_3&#8243; _builder_version=&#8220;4.7.7&#8243; _module_preset=&#8220;default&#8220; custom_padding=&#8220;||0px|0px|false|false&#8220; global_colors_info=&#8220;{}&#8220;][et_pb_blurb title=&#8220;Faltenbehandlung&#8220; image=&#8220;http:\/\/doktor-reiter.com\/wp-content\/uploads\/2025\/03\/027-beauty-150&#215;150-1-150&#215;150-1.png&#8220; image_icon_width=&#8220;70%&#8220; _builder_version=&#8220;4.22.2&#8243; _module_preset=&#8220;default&#8220; header_font=&#8220;Abel||||||||&#8220; header_text_color=&#8220;#8f5f25&#8243; header_font_size=&#8220;20px&#8220; header_line_height=&#8220;1.4em&#8220; body_font=&#8220;Abel||||||||&#8220; body_font_size=&#8220;15px&#8220; body_link_font=&#8220;||||on||||&#8220; body_link_text_color=&#8220;#ff9375&#8243; text_orientation=&#8220;center&#8220; header_font_size_tablet=&#8220;20px&#8220; header_font_size_phone=&#8220;17px&#8220; header_font_size_last_edited=&#8220;on|phone&#8220; body_line_height_tablet=&#8220;&#8220; body_line_height_phone=&#8220;1.6em&#8220; body_line_height_last_edited=&#8220;on|phone&#8220; image_max_width=&#8220;70%&#8220; locked=&#8220;off&#8220; global_colors_info=&#8220;{}&#8220;]<p class=\"p1\">As the skin ages naturally, it loses its elasticity and wrinkles form.<\/p>\n<p><a href=\"https:\/\/medloungepraxis.com\/faltenbehandlung\/\">Weiterlesen<\/a><\/p>[\/et_pb_blurb][\/et_pb_column_inner][et_pb_column_inner type=&#8220;1_2&#8243; saved_specialty_column_type=&#8220;2_3&#8243; _builder_version=&#8220;3.26.5&#8243; _module_preset=&#8220;default&#8220; global_colors_info=&#8220;{}&#8220;][et_pb_blurb title=&#8220;Gesichtskonturen&#8220; image=&#8220;http:\/\/doktor-reiter.com\/wp-content\/uploads\/2025\/03\/012-beauty-150&#215;150-1-150&#215;150-1.png&#8220; image_icon_width=&#8220;70%&#8220; _builder_version=&#8220;4.22.2&#8243; _module_preset=&#8220;default&#8220; header_font=&#8220;Abel||||||||&#8220; header_text_color=&#8220;#8f5f25&#8243; header_font_size=&#8220;20px&#8220; header_line_height=&#8220;1.4em&#8220; body_font=&#8220;Abel||||||||&#8220; body_font_size=&#8220;15px&#8220; body_link_font=&#8220;||||on||||&#8220; body_link_text_color=&#8220;#ff9375&#8243; text_orientation=&#8220;center&#8220; header_font_size_tablet=&#8220;20px&#8220; header_font_size_phone=&#8220;17px&#8220; header_font_size_last_edited=&#8220;on|phone&#8220; body_line_height_tablet=&#8220;&#8220; body_line_height_phone=&#8220;1.6em&#8220; body_line_height_last_edited=&#8220;on|phone&#8220; image_max_width=&#8220;70%&#8220; locked=&#8220;off&#8220; global_colors_info=&#8220;{}&#8220;]<p class=\"p1\"><span>Our innate facial structure is crucial for many aesthetic aspects.<\/span><\/p>\n<p><a href=\"https:\/\/medloungepraxis.com\/gesichtskonturen\/\">Weiterlesen<\/a><\/p>[\/et_pb_blurb][\/et_pb_column_inner][\/et_pb_row_inner][et_pb_row_inner column_structure=&#8220;1_2,1_2&#8243; use_custom_gutter=&#8220;on&#8220; _builder_version=&#8220;4.16&#8243; _module_preset=&#8220;default&#8220; background_color=&#8220;#ffffff&#8220; module_alignment=&#8220;center&#8220; custom_margin=&#8220;-3px|||||&#8220; custom_padding=&#8220;4px|40px||40px|false|true&#8220; box_shadow_style=&#8220;preset1&#8243; box_shadow_vertical=&#8220;70px&#8220; box_shadow_blur=&#8220;80px&#8220; box_shadow_color=&#8220;rgba(12,2,2,0.1)&#8220; locked=&#8220;off&#8220; global_colors_info=&#8220;{}&#8220;][et_pb_column_inner type=&#8220;1_2&#8243; saved_specialty_column_type=&#8220;2_3&#8243; _builder_version=&#8220;4.7.7&#8243; _module_preset=&#8220;default&#8220; custom_padding=&#8220;||0px|0px|false|false&#8220; global_colors_info=&#8220;{}&#8220;][et_pb_blurb title=&#8220;Jaw-line&#8220; image=&#8220;http:\/\/doktor-reiter.com\/wp-content\/uploads\/2025\/03\/019-mentoplasty-150&#215;150-1-150&#215;150-1.png&#8220; image_icon_width=&#8220;70%&#8220; _builder_version=&#8220;4.22.2&#8243; _module_preset=&#8220;default&#8220; header_font=&#8220;Abel||||||||&#8220; header_text_color=&#8220;#8f5f25&#8243; header_font_size=&#8220;20px&#8220; header_line_height=&#8220;1.4em&#8220; body_font=&#8220;Abel||||||||&#8220; body_font_size=&#8220;15px&#8220; body_link_font=&#8220;||||on||||&#8220; body_link_text_color=&#8220;#ff9375&#8243; text_orientation=&#8220;center&#8220; header_font_size_tablet=&#8220;20px&#8220; header_font_size_phone=&#8220;17px&#8220; header_font_size_last_edited=&#8220;on|phone&#8220; body_line_height_tablet=&#8220;&#8220; body_line_height_phone=&#8220;1.6em&#8220; body_line_height_last_edited=&#8220;on|phone&#8220; image_max_width=&#8220;70%&#8220; locked=&#8220;off&#8220; global_colors_info=&#8220;{}&#8220;]<p class=\"p1\"><span>For men, the most important factor in facial perception is the chin-jaw line.<\/span><\/p>\n<p><a href=\"https:\/\/medloungepraxis.com\/jaw-line\/\">Weiterlesen<\/a><\/p>[\/et_pb_blurb][\/et_pb_column_inner][et_pb_column_inner type=&#8220;1_2&#8243; saved_specialty_column_type=&#8220;2_3&#8243; _builder_version=&#8220;3.26.5&#8243; _module_preset=&#8220;default&#8220; global_colors_info=&#8220;{}&#8220;][et_pb_blurb title=&#8220;Lippen&#8220; image=&#8220;http:\/\/doktor-reiter.com\/wp-content\/uploads\/2025\/03\/007-aesthetic-150&#215;150-1-150&#215;150-1.png&#8220; image_icon_width=&#8220;70%&#8220; _builder_version=&#8220;4.22.2&#8243; _module_preset=&#8220;default&#8220; header_font=&#8220;Abel||||||||&#8220; header_text_color=&#8220;#8f5f25&#8243; header_font_size=&#8220;20px&#8220; header_line_height=&#8220;1.4em&#8220; body_font=&#8220;Abel||||||||&#8220; body_font_size=&#8220;15px&#8220; body_link_font=&#8220;||||on||||&#8220; body_link_text_color=&#8220;#ff9375&#8243; text_orientation=&#8220;center&#8220; header_font_size_tablet=&#8220;20px&#8220; header_font_size_phone=&#8220;17px&#8220; header_font_size_last_edited=&#8220;on|phone&#8220; body_line_height_tablet=&#8220;&#8220; body_line_height_phone=&#8220;1.6em&#8220; body_line_height_last_edited=&#8220;on|phone&#8220; image_max_width=&#8220;70%&#8220; locked=&#8220;off&#8220; global_colors_info=&#8220;{}&#8220;]<p class=\"p1\"><span>Lips are a central theme of femininity and sensuality.<\/span><\/p>\n<p><a href=\"https:\/\/medloungepraxis.com\/lippen\/\">Weiterlesen<\/a><\/p>[\/et_pb_blurb][\/et_pb_column_inner][\/et_pb_row_inner][et_pb_row_inner column_structure=&#8220;1_2,1_2&#8243; _builder_version=&#8220;4.16&#8243; _module_preset=&#8220;default&#8220; background_color=&#8220;#ffffff&#8220; custom_margin=&#8220;-14px|||||&#8220; custom_padding=&#8220;|40px||40px|false|true&#8220; box_shadow_style=&#8220;preset1&#8243; box_shadow_vertical=&#8220;70px&#8220; box_shadow_blur=&#8220;80px&#8220; box_shadow_color=&#8220;rgba(12,2,2,0.1)&#8220; locked=&#8220;off&#8220; global_colors_info=&#8220;{}&#8220;][et_pb_column_inner type=&#8220;1_2&#8243; saved_specialty_column_type=&#8220;2_3&#8243; _builder_version=&#8220;3.26.5&#8243; _module_preset=&#8220;default&#8220; global_colors_info=&#8220;{}&#8220;][et_pb_blurb title=&#8220;Oberlider&#8220; image=&#8220;http:\/\/doktor-reiter.com\/wp-content\/uploads\/2025\/03\/035-beauty-150&#215;150-1-150&#215;150-1.png&#8220; image_icon_width=&#8220;70%&#8220; _builder_version=&#8220;4.22.2&#8243; _module_preset=&#8220;default&#8220; header_font=&#8220;Abel||||||||&#8220; header_text_color=&#8220;#8f5f25&#8243; header_font_size=&#8220;20px&#8220; header_line_height=&#8220;1.4em&#8220; body_font=&#8220;Abel||||||||&#8220; body_font_size=&#8220;15px&#8220; body_link_font=&#8220;||||on||||&#8220; body_link_text_color=&#8220;#ff9375&#8243; text_orientation=&#8220;center&#8220; header_font_size_tablet=&#8220;20px&#8220; header_font_size_phone=&#8220;17px&#8220; header_font_size_last_edited=&#8220;on|phone&#8220; body_line_height_tablet=&#8220;&#8220; body_line_height_phone=&#8220;1.6em&#8220; body_line_height_last_edited=&#8220;on|phone&#8220; image_max_width=&#8220;70%&#8220; locked=&#8220;off&#8220; global_colors_info=&#8220;{}&#8220;]<p class=\"p1\"><span>The eyes convey important attributes that are perceived by those around us every day.\u00a0<\/span><\/p>\n<p><a href=\"https:\/\/medloungepraxis.com\/oberlider\/\">Weiterlesen<\/a><\/p>[\/et_pb_blurb][\/et_pb_column_inner][et_pb_column_inner type=&#8220;1_2&#8243; saved_specialty_column_type=&#8220;2_3&#8243; _builder_version=&#8220;3.26.5&#8243; _module_preset=&#8220;default&#8220; global_colors_info=&#8220;{}&#8220;][et_pb_blurb title=&#8220;Ohrenanlegeplastik&#8220; image=&#8220;http:\/\/doktor-reiter.com\/wp-content\/uploads\/2025\/03\/048-beauty-150&#215;150-1-150&#215;150-1.png&#8220; image_icon_width=&#8220;70%&#8220; _builder_version=&#8220;4.22.2&#8243; _module_preset=&#8220;default&#8220; header_font=&#8220;Abel||||||||&#8220; header_text_color=&#8220;#8f5f25&#8243; header_font_size=&#8220;20px&#8220; header_line_height=&#8220;1.4em&#8220; body_font=&#8220;Abel||||||||&#8220; body_font_size=&#8220;15px&#8220; body_link_font=&#8220;||||on||||&#8220; body_link_text_color=&#8220;#ff9375&#8243; text_orientation=&#8220;center&#8220; header_font_size_tablet=&#8220;20px&#8220; header_font_size_phone=&#8220;17px&#8220; header_font_size_last_edited=&#8220;on|phone&#8220; body_line_height_tablet=&#8220;&#8220; body_line_height_phone=&#8220;1.6em&#8220; body_line_height_last_edited=&#8220;on|phone&#8220; image_max_width=&#8220;70%&#8220; locked=&#8220;off&#8220; global_colors_info=&#8220;{}&#8220;]<p class=\"p1\">Ears have typical folds and bends with an anatomically constant course, which form during development.<\/p>\n<p><a href=\"https:\/\/medloungepraxis.com\/ohrenanlegeplastik\/\">Weiterlesen<\/a><\/p>[\/et_pb_blurb][\/et_pb_column_inner][\/et_pb_row_inner][et_pb_row_inner column_structure=&#8220;1_2,1_2&#8243; _builder_version=&#8220;4.16&#8243; _module_preset=&#8220;default&#8220; background_color=&#8220;#ffffff&#8220; custom_padding=&#8220;|40px|60px|40px|false|true&#8220; border_radii=&#8220;off|||50px|180px&#8220; box_shadow_style=&#8220;preset1&#8243; box_shadow_vertical=&#8220;70px&#8220; box_shadow_blur=&#8220;80px&#8220; box_shadow_color=&#8220;rgba(12,2,2,0.1)&#8220; locked=&#8220;off&#8220; global_colors_info=&#8220;{}&#8220;][et_pb_column_inner type=&#8220;1_2&#8243; saved_specialty_column_type=&#8220;2_3&#8243; _builder_version=&#8220;3.26.5&#8243; _module_preset=&#8220;default&#8220; global_colors_info=&#8220;{}&#8220;][\/et_pb_column_inner][et_pb_column_inner type=&#8220;1_2&#8243; saved_specialty_column_type=&#8220;2_3&#8243; _builder_version=&#8220;3.26.5&#8243; _module_preset=&#8220;default&#8220; global_colors_info=&#8220;{}&#8220;][et_pb_blurb title=&#8220;Nicht-operative Nasenkorrektur&#8220; image=&#8220;http:\/\/doktor-reiter.com\/wp-content\/uploads\/2025\/03\/009-rhinoplasty-150&#215;150-1-150&#215;150-1.png&#8220; image_icon_width=&#8220;70%&#8220; _builder_version=&#8220;4.22.2&#8243; _module_preset=&#8220;default&#8220; header_font=&#8220;Abel||||||||&#8220; header_text_color=&#8220;#8f5f25&#8243; header_font_size=&#8220;20px&#8220; header_line_height=&#8220;1.4em&#8220; body_font=&#8220;Abel||||||||&#8220; body_font_size=&#8220;15px&#8220; body_link_font=&#8220;||||on||||&#8220; body_link_text_color=&#8220;#ff9375&#8243; text_orientation=&#8220;center&#8220; header_font_size_tablet=&#8220;20px&#8220; header_font_size_phone=&#8220;17px&#8220; header_font_size_last_edited=&#8220;on|phone&#8220; body_line_height_tablet=&#8220;&#8220; body_line_height_phone=&#8220;1.6em&#8220; body_line_height_last_edited=&#8220;on|phone&#8220; image_max_width=&#8220;70%&#8220; locked=&#8220;off&#8220; global_colors_info=&#8220;{}&#8220;]<p class=\"p1\"><span>The nose has a prominent position in the middle of our face.<\/span><\/p>\n<p><a href=\"https:\/\/medloungepraxis.com\/nicht-operative-nasenkorrektur\/\">Weiterlesen<\/a><\/p>[\/et_pb_blurb][\/et_pb_column_inner][\/et_pb_row_inner][\/et_pb_column][\/et_pb_section][et_pb_section fb_built=&#8220;1&#8243; disabled_on=&#8220;on|on|on&#8220; admin_label=&#8220;Services&#8220; _builder_version=&#8220;4.22.2&#8243; _module_preset=&#8220;default&#8220; background_color=&#8220;#f7f7f7&#8243; background_color_gradient_direction=&#8220;90deg&#8220; custom_margin=&#8220;100px|40px|40px|40px|false|true&#8220; custom_margin_tablet=&#8220;&#8220; custom_margin_phone=&#8220;|20px|20px|20px|false|true&#8220; custom_margin_last_edited=&#8220;on|phone&#8220; custom_padding=&#8220;||||false|false&#8220; disabled=&#8220;on&#8220; global_colors_info=&#8220;{}&#8220;][et_pb_row column_structure=&#8220;1_2,1_2&#8243; _builder_version=&#8220;4.16&#8243; _module_preset=&#8220;default&#8220; global_colors_info=&#8220;{}&#8220;][et_pb_column type=&#8220;1_2&#8243; _builder_version=&#8220;4.16&#8243; _module_preset=&#8220;default&#8220; global_colors_info=&#8220;{}&#8220;][et_pb_image src=&#8220;http:\/\/doktor-reiter.com\/wp-content\/uploads\/2025\/03\/young-beautiful-naked-girl-smiling-hiding-eye-cucumber-slice-white-background-beauty-spa-cosmetology-concept-1024&#215;683-1.jpg&#8220; title_text=&#8220;young-beautiful-naked-girl-smiling-hiding-eye-cucumber-slice-white-background-beauty-spa-cosmetology-concept&#8220; _builder_version=&#8220;4.16&#8243; _module_preset=&#8220;default&#8220; max_width_last_edited=&#8220;off|desktop&#8220; custom_margin=&#8220;-10vw|||-10vw|false|false&#8220; custom_margin_tablet=&#8220;0vw|||0vw|false|false&#8220; custom_margin_phone=&#8220;&#8220; custom_margin_last_edited=&#8220;on|tablet&#8220; locked=&#8220;off&#8220; global_colors_info=&#8220;{}&#8220;][\/et_pb_image][\/et_pb_column][et_pb_column type=&#8220;1_2&#8243; _builder_version=&#8220;4.16&#8243; _module_preset=&#8220;default&#8220; global_colors_info=&#8220;{}&#8220;][et_pb_text _builder_version=&#8220;4.16&#8243; _module_preset=&#8220;default&#8220; header_2_font=&#8220;Abel||||||||&#8220; header_2_font_size=&#8220;70px&#8220; header_2_letter_spacing=&#8220;3px&#8220; header_2_line_height=&#8220;1.2em&#8220; max_width=&#8220;800px&#8220; custom_margin=&#8220;-58px|||||&#8220; custom_margin_tablet=&#8220;&#8220; custom_margin_phone=&#8220;0px||||false|false&#8220; custom_margin_last_edited=&#8220;on|phone&#8220; header_2_font_size_tablet=&#8220;38px&#8220; header_2_font_size_phone=&#8220;26px&#8220; header_2_font_size_last_edited=&#8220;on|tablet&#8220; header_2_letter_spacing_tablet=&#8220;1px&#8220; header_2_letter_spacing_phone=&#8220;0px&#8220; header_2_letter_spacing_last_edited=&#8220;on|desktop&#8220; locked=&#8220;off&#8220; global_colors_info=&#8220;{}&#8220;]<h2>More<\/h2>\n<h2>information<\/h2>[\/et_pb_text][et_pb_text _builder_version=&#8220;4.16&#8243; _module_preset=&#8220;default&#8220; text_font=&#8220;Abel||||||||&#8220; text_font_size=&#8220;18px&#8220; text_line_height=&#8220;1.8em&#8220; max_width=&#8220;800px&#8220; custom_margin=&#8220;-20px|||||&#8220; text_font_size_tablet=&#8220;&#8220; text_font_size_phone=&#8220;14px&#8220; text_font_size_last_edited=&#8220;on|desktop&#8220; text_line_height_tablet=&#8220;&#8220; text_line_height_phone=&#8220;1.6em&#8220; text_line_height_last_edited=&#8220;on|desktop&#8220; locked=&#8220;off&#8220; global_colors_info=&#8220;{}&#8220;]<p class=\"p1\">I would like to support you on the way from a hunch or idea to understanding and clarity. I would be happy to answer your questions verbally or in writing at any time.<\/p>[\/et_pb_text][et_pb_divider divider_weight=&#8220;2px&#8220; _builder_version=&#8220;4.16&#8243; _module_preset=&#8220;default&#8220; width=&#8220;100px&#8220; custom_margin=&#8220;||0px|-70px|false|false&#8220; locked=&#8220;off&#8220; global_colors_info=&#8220;{}&#8220;][\/et_pb_divider][\/et_pb_column][\/et_pb_row][et_pb_row use_custom_gutter=&#8220;on&#8220; gutter_width=&#8220;2&#8243; custom_padding_last_edited=&#8220;on|desktop&#8220; _builder_version=&#8220;4.16&#8243; _module_preset=&#8220;default&#8220; background_color=&#8220;rgba(255,243,237,0.84)&#8220; background_enable_image=&#8220;off&#8220; background_size=&#8220;contain&#8220; background_position=&#8220;top_right&#8220; width=&#8220;85%&#8220; max_width=&#8220;1280px&#8220; custom_margin=&#8220;22px|auto|22px|auto|true|false&#8220; custom_padding=&#8220;|70px|60px|70px|false|true&#8220; custom_padding_tablet=&#8220;|40px||40px|false|true&#8220; custom_padding_phone=&#8220;|20px||20px|false|true&#8220; background_last_edited=&#8220;on|desktop&#8220; background_enable_image_tablet=&#8220;off&#8220; box_shadow_style=&#8220;preset1&#8243; box_shadow_vertical=&#8220;50px&#8220; box_shadow_blur=&#8220;80px&#8220; box_shadow_color=&#8220;rgba(56,21,11,0.09)&#8220; global_colors_info=&#8220;{}&#8220;][et_pb_column type=&#8220;4_4&#8243; _builder_version=&#8220;4.16&#8243; _module_preset=&#8220;default&#8220; global_colors_info=&#8220;{}&#8220;][et_pb_divider divider_weight=&#8220;2px&#8220; _builder_version=&#8220;4.16&#8243; _module_preset=&#8220;default&#8220; width=&#8220;100px&#8220; custom_margin=&#8220;||0px|-70px|false|false&#8220; locked=&#8220;off&#8220; global_colors_info=&#8220;{}&#8220;][\/et_pb_divider][et_pb_accordion open_toggle_background_color=&#8220;#ffffff&#8220; closed_toggle_background_color=&#8220;#ffffff&#8220; icon_color=&#8220;#ffa389&#8243; _builder_version=&#8220;4.16&#8243; _module_preset=&#8220;default&#8220; toggle_text_color=&#8220;#8f5f25&#8243; toggle_font=&#8220;Abel||||||||&#8220; toggle_font_size=&#8220;20px&#8220; toggle_line_height=&#8220;1.4em&#8220; body_font=&#8220;Abel||||||||&#8220; body_font_size=&#8220;18px&#8220; body_line_height=&#8220;1.8em&#8220; max_width=&#8220;800px&#8220; module_alignment=&#8220;center&#8220; toggle_font_size_tablet=&#8220;20px&#8220; toggle_font_size_phone=&#8220;17px&#8220; toggle_font_size_last_edited=&#8220;on|phone&#8220; body_font_size_tablet=&#8220;&#8220; body_font_size_phone=&#8220;14px&#8220; body_font_size_last_edited=&#8220;on|desktop&#8220; body_line_height_tablet=&#8220;&#8220; body_line_height_phone=&#8220;1.6em&#8220; body_line_height_last_edited=&#8220;on|desktop&#8220; border_width_all=&#8220;0px&#8220; locked=&#8220;off&#8220; global_colors_info=&#8220;{}&#8220;][et_pb_accordion_item title=&#8220;Ablauf eines Besuchs bei Ihrer plastischen Chirurgin&#8220; open=&#8220;on&#8220; _builder_version=&#8220;4.16&#8243; _module_preset=&#8220;default&#8220; global_colors_info=&#8220;{}&#8220; toggle_font_size=&#8220;30px&#8220;][\/et_pb_accordion_item][et_pb_accordion_item title=&#8220;Vorgespr\u00e4ch&#8220; _builder_version=&#8220;4.16&#8243; _module_preset=&#8220;default&#8220; custom_margin=&#8220;||20px||false|false&#8220; global_colors_info=&#8220;{}&#8220; open=&#8220;off&#8220;]<p class=\"p1\">Wir sprechen \u00fcber ein oder mehrere Themen, die Sie besch\u00e4ftigen. Erfolgreich war ein Erstgespr\u00e4ch, wenn Sie eine Vorstellung \u00fcber die M\u00f6glichkeiten, die es zur Verbesserung gibt, erlangen sowie Umfang und Ablauf \u00fcberblicken k\u00f6nnen und ich eine Vorstellung habe, was Ihr Wunsch an das Ergebnis ist. So entwickeln wir gemeinsam einen Behandlungsplan.<\/p>\n<p class=\"p1\"><strong>Dauer:<\/strong><\/p>\n<p class=\"p1\">etwa 1 Stunde<\/p>\n<p class=\"p1\">Kosten:<\/p>\n<p class=\"p1\">70 Euro pers\u00f6nlich, 50 Euro Videocall oder Chat.<\/p>\n<p class=\"p1\">Sollte es zu einer Behandlung kommen, wird die Beratungsgeb\u00fchr auf den Behandlungspreis angerechnet<\/p>[\/et_pb_accordion_item][et_pb_accordion_item title=&#8220;Umsetzung&#8220; _builder_version=&#8220;4.16&#8243; _module_preset=&#8220;default&#8220; custom_margin=&#8220;||20px||false|false&#8220; global_colors_info=&#8220;{}&#8220; open=&#8220;off&#8220;]<p class=\"p1\">Die Umsetzung des Behandlungsplanes kann bei Unterspritzungen direkt im Anschluss erfolgen. Bei gr\u00f6\u00dferen Behandlungen oder Operationen finden wir einen weiteren Termin zur Umsetzung.<\/p>\n<p class=\"p1\">Gesichtsbehandlungen erfordern besondere Umsicht um Verbesserungen zu erzielen, ohne in unserem Umfeld durch pl\u00f6tzliche Ver\u00e4nderung aufzufallen. Sollten diese Sorge auf Sie zutreffen, kann daher oft ein stufenweiser Behandlungsplan sinnvoll sein, in dem wir uns dem Ziel durch schrittweise Verbesserung in mehreren Sitzungen n\u00e4hern.<\/p>\n<p class=\"p1\">Dauer und <a href=\"https:\/\/doktor-reiter.com\/en\/preiseliste\/\">Kosten<\/a> je nach Behandlungsumfang<\/p>\n<p class=\"p1\"><a href=\"https:\/\/doktor-reiter.com\/en\/fakten\/\">Fakten zu den Eingriffen kurz und knapp<\/a><\/p>\n<div id=\"gtx-trans\" style=\"position: absolute; left: 78px; top: 190px;\">\n<div class=\"gtx-trans-icon\"><\/div>\n<\/div>[\/et_pb_accordion_item][et_pb_accordion_item title=&#8220;Nachsorge&#8220; _builder_version=&#8220;4.16&#8243; _module_preset=&#8220;default&#8220; custom_margin=&#8220;||20px||false|false&#8220; global_colors_info=&#8220;{}&#8220; open=&#8220;off&#8220;]<p class=\"p1\">Nach erfolgreicher Behandlung folgt ein weiterer Termin um das Ergebnis zu besprechen und weitere Ma\u00dfgaben zu Alltag, Verhalten und Pflege abzugleichen. Vielleicht m\u00fcssen Pflaster oder Verb\u00e4nde gewechselt werden. Weitere Nachsorgetermine werden je nach Bedarf und Behandlung geplant.<\/p>\n<p class=\"p1\">\n<p class=\"p1\">Dauer: 20 Minuten pro Sitzung<\/p>\n<p class=\"p1\">Kosten: keine<\/p>[\/et_pb_accordion_item][\/et_pb_accordion][\/et_pb_column][\/et_pb_row][et_pb_row use_custom_gutter=&#8220;on&#8220; gutter_width=&#8220;2&#8243; custom_padding_last_edited=&#8220;on|desktop&#8220; _builder_version=&#8220;4.16&#8243; _module_preset=&#8220;default&#8220; background_color=&#8220;rgba(255,243,237,0.84)&#8220; background_enable_image=&#8220;off&#8220; background_size=&#8220;contain&#8220; background_position=&#8220;top_right&#8220; width=&#8220;85%&#8220; max_width=&#8220;1280px&#8220; custom_margin=&#8220;22px|auto|22px|auto|true|false&#8220; custom_padding=&#8220;|70px|60px|70px|false|true&#8220; custom_padding_tablet=&#8220;|40px||40px|false|true&#8220; custom_padding_phone=&#8220;|20px||20px|false|true&#8220; background_last_edited=&#8220;on|desktop&#8220; background_enable_image_tablet=&#8220;off&#8220; box_shadow_style=&#8220;preset1&#8243; box_shadow_vertical=&#8220;50px&#8220; box_shadow_blur=&#8220;80px&#8220; box_shadow_color=&#8220;rgba(56,21,11,0.09)&#8220; global_colors_info=&#8220;{}&#8220;][et_pb_column type=&#8220;4_4&#8243; _builder_version=&#8220;4.16&#8243; _module_preset=&#8220;default&#8220; global_colors_info=&#8220;{}&#8220;][et_pb_divider divider_weight=&#8220;2px&#8220; _builder_version=&#8220;4.16&#8243; _module_preset=&#8220;default&#8220; width=&#8220;100px&#8220; custom_margin=&#8220;||0px|-70px|false|false&#8220; locked=&#8220;off&#8220; global_colors_info=&#8220;{}&#8220;][\/et_pb_divider][et_pb_accordion open_toggle_background_color=&#8220;#ffffff&#8220; closed_toggle_background_color=&#8220;#ffffff&#8220; icon_color=&#8220;#ffa389&#8243; _builder_version=&#8220;4.16&#8243; _module_preset=&#8220;default&#8220; toggle_text_color=&#8220;#8f5f25&#8243; toggle_font=&#8220;Abel||||||||&#8220; toggle_font_size=&#8220;20px&#8220; toggle_line_height=&#8220;1.4em&#8220; body_font=&#8220;Abel||||||||&#8220; body_font_size=&#8220;18px&#8220; body_line_height=&#8220;1.8em&#8220; max_width=&#8220;800px&#8220; module_alignment=&#8220;center&#8220; toggle_font_size_tablet=&#8220;20px&#8220; toggle_font_size_phone=&#8220;17px&#8220; toggle_font_size_last_edited=&#8220;on|phone&#8220; body_font_size_tablet=&#8220;&#8220; body_font_size_phone=&#8220;14px&#8220; body_font_size_last_edited=&#8220;on|desktop&#8220; body_line_height_tablet=&#8220;&#8220; body_line_height_phone=&#8220;1.6em&#8220; body_line_height_last_edited=&#8220;on|desktop&#8220; border_width_all=&#8220;0px&#8220; locked=&#8220;off&#8220; global_colors_info=&#8220;{}&#8220;][et_pb_accordion_item title=&#8220;Fakten&#8220; open=&#8220;on&#8220; _builder_version=&#8220;4.16&#8243; _module_preset=&#8220;default&#8220; global_colors_info=&#8220;{}&#8220; toggle_font_size=&#8220;30px&#8220;][\/et_pb_accordion_item][et_pb_accordion_item title=&#8220;Gyn\u00e4komastie mit Absaugung&#8220; _builder_version=&#8220;4.16&#8243; _module_preset=&#8220;default&#8220; custom_margin=&#8220;||20px||false|false&#8220; global_colors_info=&#8220;{}&#8220; open=&#8220;off&#8220;]<p class=\"p1\">Behandlungsdauer: Ca 2 Stunden<\/p>\n<p class=\"p1\">Bet\u00e4ubung: Lokale Bet\u00e4ubung oder Vollnarkose<\/p>\n<p class=\"p1\">Narben: 5 mm Strichlein jede Seite, seitlich der Brust, versteckt unter dem Oberarm<\/p>\n<p class=\"p1\">Krankenhausaufenthalt: nicht notwendig<\/p>\n<p class=\"p1\">Nachsorge: Kompressions-Unterhemd,<\/p>\n<p class=\"p1\">Sport: Pause von brustbelastendem Sport je nach Schmerzsituation f\u00fcr 1-2 Wochen<\/p>\n<p class=\"p1\">Arbeitsf\u00e4higkeit: sofort<\/p>\n<p class=\"p1\">Gesellschaftsf\u00e4higkeit: sofort<\/p>\n<p class=\"p1\">Kosten: ab 2500 Euro<\/p>[\/et_pb_accordion_item][et_pb_accordion_item title=&#8220;Gyn\u00e4komastie mit Haut\u00fcberschuss&#8220; _builder_version=&#8220;4.16&#8243; _module_preset=&#8220;default&#8220; custom_margin=&#8220;||20px||false|false&#8220; global_colors_info=&#8220;{}&#8220; open=&#8220;off&#8220;]<p class=\"p1\">Behandlungsdauer: ca 2 Stunden<\/p>\n<p class=\"p1\">Bet\u00e4ubung: Lokale Bet\u00e4ubung oder Vollnarkose<\/p>\n<p class=\"p1\">Narben: rund um die Brustwarze<\/p>\n<p class=\"p1\">Krankenhausaufenthalt: nicht notwendig<\/p>\n<p class=\"p1\">Nachsorge: Kompressions-Unterhemd,<\/p>\n<p class=\"p1\">Sport: Pause von brustbelastendem Sport f\u00fcr 2-3 Wochen, Pause \u00dcberkopft\u00e4tigkeit der Arme f\u00fcr 2-3 Wochen<\/p>\n<p class=\"p1\">Arbeitsf\u00e4higkeit: n\u00e4chstertags<\/p>\n<p class=\"p1\">Gesellschaftsf\u00e4higkeit: sofort<\/p>\n<p class=\"p1\">Kosten: ab 3500 Euro<\/p>[\/et_pb_accordion_item][et_pb_accordion_item title=&#8220;Brustvergr\u00f6\u00dferung mit Implantat&#8220; _builder_version=&#8220;4.16&#8243; _module_preset=&#8220;default&#8220; custom_margin=&#8220;||20px||false|false&#8220; global_colors_info=&#8220;{}&#8220; open=&#8220;off&#8220;]<p class=\"p1\">Behandlungsdauer: ca 4 Stunden<\/p>\n<p class=\"p1\">Bet\u00e4ubung: Vollnarkose<\/p>\n<p class=\"p1\">Narben: 3 cm versteckt in der Unterbrustfalte<\/p>\n<p class=\"p1\">Krankenhausaufenthalt: 1 Nacht<\/p>\n<p class=\"p1\">Nachsorge: Kompressions- oder gut sitzender Sport-BH f\u00fcr 1 Monat<\/p>\n<p class=\"p1\">Sport: Pause von brustbelastendem Sport f\u00fcr 3 Wochen, Pause \u00dcberkopft\u00e4tigkeit der Arme f\u00fcr 2 Wochen<\/p>\n<p class=\"p1\">Arbeitsf\u00e4higkeit: je nach T\u00e4tigkeit nach 1-2 Wochen<\/p>\n<p class=\"p1\">Gesellschaftsf\u00e4higkeit: nach 2 Tagen<\/p>\n<p class=\"p1\">Kosten: ab 5000 Euro<\/p>[\/et_pb_accordion_item][et_pb_accordion_item title=&#8220;Brustvergr\u00f6\u00dferung minimalinvasiv mit Eigenfett&#8220; _builder_version=&#8220;4.16&#8243; _module_preset=&#8220;default&#8220; custom_margin=&#8220;||20px||false|false&#8220; global_colors_info=&#8220;{}&#8220; open=&#8220;off&#8220;]<p class=\"p1\">Behandlungsdauer: ca 5 Stunden<\/p>\n<p class=\"p1\">Bet\u00e4ubung: Vollnarkose<\/p>\n<p class=\"p1\">Narben: keine bleibenden. Bis zu Abheilung sichtbare 1 mm Stichinzisionen in der Axel oder Unterbrustfalte<\/p>\n<p class=\"p1\">Krankenhausaufenthalt: 1 Nacht<\/p>\n<p class=\"p1\">Nachsorge: Kompressions- oder gut sitzender Sport-BH f\u00fcr 1-3 Monate<\/p>\n<p class=\"p1\">Sport: Pause von brustbelastendem Sport f\u00fcr 3 Wochen<\/p>\n<p class=\"p1\">Arbeitsf\u00e4higkeit: wenn nicht T\u00e4tigkeit mit den Armen n\u00e4chstertags, sonst nach 3 Wochen<\/p>\n<p class=\"p1\">Gesellschaftsf\u00e4higkeit: n\u00e4chstertags<\/p>\n<p class=\"p1\">Kosten: ab 5000 Euro<\/p>[\/et_pb_accordion_item][et_pb_accordion_item title=&#8220;Bruststraffung&#8220; _builder_version=&#8220;4.16&#8243; _module_preset=&#8220;default&#8220; custom_margin=&#8220;||20px||false|false&#8220; global_colors_info=&#8220;{}&#8220; open=&#8220;off&#8220;]<p class=\"p1\">Behandlungsdauer: ca 4 Stunden<\/p>\n<p class=\"p1\">Bet\u00e4ubung: Vollnarkose<\/p>\n<p class=\"p1\">Narben: um die Brustwarze und mittig zur Unterbrustfalte<\/p>\n<p class=\"p1\">Krankenhausaufenthalt: 1 Nacht<\/p>\n<p class=\"p1\">Nachsorge: Kompressions- oder gut sitzender Sport-BH f\u00fcr 3 Wochen<\/p>\n<p class=\"p1\">Sport: Pause von brustbelastendem Sport f\u00fcr 3 Wochen<\/p>\n<p class=\"p1\">Arbeitsf\u00e4higkeit: wenn nicht T\u00e4tigkeit mit den Armen n\u00e4chstertags, sonst nach 3 Wochen<\/p>\n<p class=\"p1\">Gesellschaftsf\u00e4higkeit: n\u00e4chstertags<\/p>\n<p class=\"p1\">Kosten: ab 6000 Euro<\/p>[\/et_pb_accordion_item][et_pb_accordion_item title=&#8220;Brustverkleinerung&#8220; _builder_version=&#8220;4.16&#8243; _module_preset=&#8220;default&#8220; custom_margin=&#8220;||20px||false|false&#8220; global_colors_info=&#8220;{}&#8220; open=&#8220;off&#8220;]<p class=\"p1\">Behandlungsdauer: ca 4 Stunden<\/p>\n<p class=\"p1\">Bet\u00e4ubung: Vollnarkose<\/p>\n<p class=\"p1\">Narben: um die Brustwarze und mittig zur Unterbrustfalte<\/p>\n<p class=\"p1\">Krankenhausaufenthalt: 1 Nacht<\/p>\n<p class=\"p1\">Nachsorge: Kompressions- oder gut sitzender Sport-BH f\u00fcr 3 Wochen<\/p>\n<p class=\"p1\">Sport: Pause von brustbelastendem Sport f\u00fcr 3 Wochen<\/p>\n<p class=\"p1\">Arbeitsf\u00e4higkeit: wenn nicht T\u00e4tigkeit mit den Armen n\u00e4chstertags, sonst nach 3 Wochen<\/p>\n<p class=\"p1\">Gesellschaftsf\u00e4higkeit: n\u00e4chstertags<\/p>\n<p class=\"p1\">Kosten: ab 6000 Euro<\/p>[\/et_pb_accordion_item][et_pb_accordion_item title=&#8220;Brustformung&#8220; _builder_version=&#8220;4.16&#8243; _module_preset=&#8220;default&#8220; custom_margin=&#8220;||20px||false|false&#8220; global_colors_info=&#8220;{}&#8220; open=&#8220;off&#8220;]<p class=\"p1\">Behandlungsdauer: ca 4 Stunden<\/p>\n<p class=\"p1\">Bet\u00e4ubung: Vollnarkose<\/p>\n<p class=\"p1\">Narben: um die Brustwarze und mittig zur Unterbrustfalte<\/p>\n<p class=\"p1\">Krankenhausaufenthalt: 1 Nacht<\/p>\n<p class=\"p1\">Nachsorge: Kompressions- oder gut sitzender Sport-BH f\u00fcr 3 Wochen<\/p>\n<p class=\"p1\">Sport: Pause von brustbelastendem Sport f\u00fcr 3 Wochen<\/p>\n<p class=\"p1\">Arbeitsf\u00e4higkeit: wenn nicht T\u00e4tigkeit mit den Armen n\u00e4chstertags, sonst nach 3 Wochen<\/p>\n<p class=\"p1\">Gesellschaftsf\u00e4higkeit: n\u00e4chstertags<\/p>\n<p class=\"p1\">Kosten: ab 6000 Euro<\/p>[\/et_pb_accordion_item][\/et_pb_accordion][\/et_pb_column][\/et_pb_row][\/et_pb_section]","protected":false},"excerpt":{"rendered":"<p>Kosmetik\u2018Be good to your skin you will wear it every day for the rest of your life\u2019 Ebenm\u00e4\u00dfige Haut transportiert f\u00fcr unser Gegen\u00fcber die Wahrnehmung von Attraktivit\u00e4t, Jugendlichkeit und Selbstbewusstsein. Sie ist gleichzeitig unsere Verbindung und Barriere zur Umwelt und braucht f\u00fcr diese gro\u00dfe Aufgabe Pflege und Zuwendung. Mit der richtigen Beratung um passende Wirkstoffe [&hellip;]<\/p>","protected":false},"author":2,"featured_media":0,"parent":0,"menu_order":0,"comment_status":"closed","ping_status":"closed","template":"","meta":{"_et_pb_use_builder":"on","_et_pb_old_content":"","_et_gb_content_width":"","_monsterinsights_skip_tracking":false,"_monsterinsights_sitenote_active":false,"_monsterinsights_sitenote_note":"","_monsterinsights_sitenote_category":0,"footnotes":""},"class_list":["post-4512","page","type-page","status-publish","hentry"],"yoast_head":"<!-- This site is optimized with the Yoast SEO plugin v26.6 - https:\/\/yoast.com\/wordpress\/plugins\/seo\/ -->\n<title>Kosmetik - Dr. Reiter Kosmetik<\/title>\n<meta name=\"description\" content=\"Magenballon, Wien\" \/>\n<meta name=\"robots\" content=\"index, follow, max-snippet:-1, max-image-preview:large, max-video-preview:-1\" \/>\n<link rel=\"canonical\" href=\"https:\/\/doktor-reiter.com\/en\/kosmetik\/\" \/>\n<meta property=\"og:locale\" content=\"en_GB\" \/>\n<meta property=\"og:type\" content=\"article\" \/>\n<meta property=\"og:title\" content=\"Kosmetik - Dr. Reiter Kosmetik\" \/>\n<meta property=\"og:description\" content=\"Magenballon, Wien\" \/>\n<meta property=\"og:url\" content=\"https:\/\/doktor-reiter.com\/en\/kosmetik\/\" \/>\n<meta property=\"og:site_name\" content=\"Dr. Reiter\" \/>\n<meta property=\"article:publisher\" content=\"https:\/\/www.facebook.com\/drluisereiter\/\" \/>\n<meta property=\"article:modified_time\" content=\"2025-03-21T07:28:16+00:00\" \/>\n<meta property=\"og:image\" content=\"https:\/\/doktor-reiter.com\/wp-content\/uploads\/2024\/04\/Doktor-REiter-home1.jpg\" \/>\n\t<meta property=\"og:image:width\" content=\"1200\" \/>\n\t<meta property=\"og:image:height\" content=\"675\" \/>\n\t<meta property=\"og:image:type\" content=\"image\/jpeg\" \/>\n<meta name=\"twitter:card\" content=\"summary_large_image\" \/>\n<meta name=\"twitter:label1\" content=\"Estimated reading time\" \/>\n\t<meta name=\"twitter:data1\" content=\"1 minute\" \/>\n<script type=\"application\/ld+json\" class=\"yoast-schema-graph\">{\"@context\":\"https:\/\/schema.org\",\"@graph\":[{\"@type\":\"WebPage\",\"@id\":\"https:\/\/doktor-reiter.com\/kosmetik\",\"url\":\"https:\/\/doktor-reiter.com\/kosmetik\",\"name\":\"Kosmetik - Dr. Reiter Kosmetik\",\"isPartOf\":{\"@id\":\"https:\/\/doktor-reiter.com\/#website\"},\"datePublished\":\"2025-03-20T16:34:48+00:00\",\"dateModified\":\"2025-03-21T07:28:16+00:00\",\"description\":\"Magenballon, Wien\",\"breadcrumb\":{\"@id\":\"https:\/\/doktor-reiter.com\/kosmetik#breadcrumb\"},\"inLanguage\":\"en-GB\",\"potentialAction\":[{\"@type\":\"ReadAction\",\"target\":[\"https:\/\/doktor-reiter.com\/kosmetik\"]}]},{\"@type\":\"BreadcrumbList\",\"@id\":\"https:\/\/doktor-reiter.com\/kosmetik#breadcrumb\",\"itemListElement\":[{\"@type\":\"ListItem\",\"position\":1,\"name\":\"Home\",\"item\":\"https:\/\/doktor-reiter.com\/\"},{\"@type\":\"ListItem\",\"position\":2,\"name\":\"Kosmetik\"}]},{\"@type\":\"WebSite\",\"@id\":\"https:\/\/doktor-reiter.com\/#website\",\"url\":\"https:\/\/doktor-reiter.com\/\",\"name\":\"Dr. Reiter\",\"description\":\"Fach\u00e4rztin f\u00fcr Plastische Chirurgie\",\"publisher\":{\"@id\":\"https:\/\/doktor-reiter.com\/#organization\"},\"alternateName\":\"Fach\u00e4rztin f\u00fcr plastische, rekonstruktive und \u00e4sthetische Chirurgie\",\"potentialAction\":[{\"@type\":\"SearchAction\",\"target\":{\"@type\":\"EntryPoint\",\"urlTemplate\":\"https:\/\/doktor-reiter.com\/?s={search_term_string}\"},\"query-input\":{\"@type\":\"PropertyValueSpecification\",\"valueRequired\":true,\"valueName\":\"search_term_string\"}}],\"inLanguage\":\"en-GB\"},{\"@type\":\"Organization\",\"@id\":\"https:\/\/doktor-reiter.com\/#organization\",\"name\":\"Dr. Marie-Luise Reiter\",\"alternateName\":\"Fach\u00e4rztin f\u00fcr plastische, rekonstruktive und \u00e4sthetische Chirurgie\",\"url\":\"https:\/\/doktor-reiter.com\/\",\"logo\":{\"@type\":\"ImageObject\",\"inLanguage\":\"en-GB\",\"@id\":\"https:\/\/doktor-reiter.com\/#\/schema\/logo\/image\/\",\"url\":\"http:\/\/doktor-reiter.com\/wp-content\/uploads\/2020\/12\/DR-MLR-logo@4x.png\",\"contentUrl\":\"http:\/\/doktor-reiter.com\/wp-content\/uploads\/2020\/12\/DR-MLR-logo@4x.png\",\"width\":2127,\"height\":2286,\"caption\":\"Dr. Marie-Luise Reiter\"},\"image\":{\"@id\":\"https:\/\/doktor-reiter.com\/#\/schema\/logo\/image\/\"},\"sameAs\":[\"https:\/\/www.facebook.com\/drluisereiter\/\",\"https:\/\/www.instagram.com\/drluisereiter\/\",\"https:\/\/www.youtube.com\/@dr.marie-luisereiter629\"]}]}<\/script>\n<!-- \/ Yoast SEO plugin. -->","yoast_head_json":{"title":"Kosmetik - Dr. Reiter Kosmetik","description":"Magenballon, Wien","robots":{"index":"index","follow":"follow","max-snippet":"max-snippet:-1","max-image-preview":"max-image-preview:large","max-video-preview":"max-video-preview:-1"},"canonical":"https:\/\/doktor-reiter.com\/en\/kosmetik\/","og_locale":"en_GB","og_type":"article","og_title":"Kosmetik - Dr. Reiter Kosmetik","og_description":"Magenballon, Wien","og_url":"https:\/\/doktor-reiter.com\/en\/kosmetik\/","og_site_name":"Dr. Reiter","article_publisher":"https:\/\/www.facebook.com\/drluisereiter\/","article_modified_time":"2025-03-21T07:28:16+00:00","og_image":[{"width":1200,"height":675,"url":"https:\/\/doktor-reiter.com\/wp-content\/uploads\/2024\/04\/Doktor-REiter-home1.jpg","type":"image\/jpeg"}],"twitter_card":"summary_large_image","twitter_misc":{"Estimated reading time":"1 minute"},"schema":{"@context":"https:\/\/schema.org","@graph":[{"@type":"WebPage","@id":"https:\/\/doktor-reiter.com\/kosmetik","url":"https:\/\/doktor-reiter.com\/kosmetik","name":"Kosmetik - Dr. Reiter Kosmetik","isPartOf":{"@id":"https:\/\/doktor-reiter.com\/#website"},"datePublished":"2025-03-20T16:34:48+00:00","dateModified":"2025-03-21T07:28:16+00:00","description":"Magenballon, Wien","breadcrumb":{"@id":"https:\/\/doktor-reiter.com\/kosmetik#breadcrumb"},"inLanguage":"en-GB","potentialAction":[{"@type":"ReadAction","target":["https:\/\/doktor-reiter.com\/kosmetik"]}]},{"@type":"BreadcrumbList","@id":"https:\/\/doktor-reiter.com\/kosmetik#breadcrumb","itemListElement":[{"@type":"ListItem","position":1,"name":"Home","item":"https:\/\/doktor-reiter.com\/"},{"@type":"ListItem","position":2,"name":"Kosmetik"}]},{"@type":"WebSite","@id":"https:\/\/doktor-reiter.com\/#website","url":"https:\/\/doktor-reiter.com\/","name":"Dr. Reiter","description":"Fach\u00e4rztin f\u00fcr Plastische Chirurgie","publisher":{"@id":"https:\/\/doktor-reiter.com\/#organization"},"alternateName":"Fach\u00e4rztin f\u00fcr plastische, rekonstruktive und \u00e4sthetische Chirurgie","potentialAction":[{"@type":"SearchAction","target":{"@type":"EntryPoint","urlTemplate":"https:\/\/doktor-reiter.com\/?s={search_term_string}"},"query-input":{"@type":"PropertyValueSpecification","valueRequired":true,"valueName":"search_term_string"}}],"inLanguage":"en-GB"},{"@type":"Organization","@id":"https:\/\/doktor-reiter.com\/#organization","name":"Dr. Marie-Luise Reiter","alternateName":"Fach\u00e4rztin f\u00fcr plastische, rekonstruktive und \u00e4sthetische Chirurgie","url":"https:\/\/doktor-reiter.com\/","logo":{"@type":"ImageObject","inLanguage":"en-GB","@id":"https:\/\/doktor-reiter.com\/#\/schema\/logo\/image\/","url":"http:\/\/doktor-reiter.com\/wp-content\/uploads\/2020\/12\/DR-MLR-logo@4x.png","contentUrl":"http:\/\/doktor-reiter.com\/wp-content\/uploads\/2020\/12\/DR-MLR-logo@4x.png","width":2127,"height":2286,"caption":"Dr. Marie-Luise Reiter"},"image":{"@id":"https:\/\/doktor-reiter.com\/#\/schema\/logo\/image\/"},"sameAs":["https:\/\/www.facebook.com\/drluisereiter\/","https:\/\/www.instagram.com\/drluisereiter\/","https:\/\/www.youtube.com\/@dr.marie-luisereiter629"]}]}},"_links":{"self":[{"href":"https:\/\/doktor-reiter.com\/en\/wp-json\/wp\/v2\/pages\/4512","targetHints":{"allow":["GET"]}}],"collection":[{"href":"https:\/\/doktor-reiter.com\/en\/wp-json\/wp\/v2\/pages"}],"about":[{"href":"https:\/\/doktor-reiter.com\/en\/wp-json\/wp\/v2\/types\/page"}],"author":[{"embeddable":true,"href":"https:\/\/doktor-reiter.com\/en\/wp-json\/wp\/v2\/users\/2"}],"replies":[{"embeddable":true,"href":"https:\/\/doktor-reiter.com\/en\/wp-json\/wp\/v2\/comments?post=4512"}],"version-history":[{"count":4,"href":"https:\/\/doktor-reiter.com\/en\/wp-json\/wp\/v2\/pages\/4512\/revisions"}],"predecessor-version":[{"id":4535,"href":"https:\/\/doktor-reiter.com\/en\/wp-json\/wp\/v2\/pages\/4512\/revisions\/4535"}],"wp:attachment":[{"href":"https:\/\/doktor-reiter.com\/en\/wp-json\/wp\/v2\/media?parent=4512"}],"curies":[{"name":"wp","href":"https:\/\/api.w.org\/{rel}","templated":true}]}}